{"id":103259,"date":"2022-04-25T13:18:02","date_gmt":"2022-04-25T13:18:02","guid":{"rendered":"https:\/\/grappcaib.es\/prediabetext_hip\/"},"modified":"2025-01-16T08:43:51","modified_gmt":"2025-01-16T08:43:51","slug":"prediabetext_hip","status":"publish","type":"page","link":"https:\/\/grappcaib.es\/ca\/prediabetext_hip\/","title":{"rendered":"PreDiabeText_HIP"},"content":{"rendered":"<p>[vc_row row_height_percent=&#8221;0&#8243; override_padding=&#8221;yes&#8221; h_padding=&#8221;2&#8243; top_padding=&#8221;3&#8243; bottom_padding=&#8221;2&#8243; back_color=&#8221;color-wayh&#8221; overlay_alpha=&#8221;50&#8243; gutter_size=&#8221;3&#8243; column_width_percent=&#8221;100&#8243; shift_y=&#8221;0&#8243; z_index=&#8221;0&#8243; front_end_with_slider=&#8221;true&#8221; uncode_shortcode_id=&#8221;107193&#8243; back_color_type=&#8221;uncode-palette&#8221;][vc_column column_width_percent=&#8221;100&#8243; position_vertical=&#8221;bottom&#8221; gutter_size=&#8221;3&#8243; style=&#8221;dark&#8221; overlay_alpha=&#8221;50&#8243; shift_x=&#8221;0&#8243; shift_y=&#8221;0&#8243; shift_y_down=&#8221;0&#8243; z_index=&#8221;0&#8243; medium_width=&#8221;0&#8243; mobile_width=&#8221;0&#8243; zoom_width=&#8221;0&#8243; zoom_height=&#8221;0&#8243; width=&#8221;1\/1&#8243;][uncode_slider slider_interval=&#8221;0&#8243; slider_navspeed=&#8221;0&#8243; slider_hide_arrows=&#8221;yes&#8221; slider_hide_dots=&#8221;yes&#8221; slider_dot_align=&#8221;left&#8221;][vc_row_inner row_inner_height_percent=&#8221;0&#8243; back_color=&#8221;color-wayh&#8221; back_image=&#8221;100915&#8243; back_position=&#8221;center bottom&#8221; parallax=&#8221;yes&#8221; kburns=&#8221;yes&#8221; overlay_color=&#8221;color-wayh&#8221; overlay_alpha=&#8221;40&#8243; gutter_size=&#8221;4&#8243; shift_y=&#8221;0&#8243; z_index=&#8221;0&#8243; limit_content=&#8221;yes&#8221; front_end_with_slider=&#8221;true&#8221; uncode_shortcode_id=&#8221;164368&#8243; back_color_type=&#8221;uncode-palette&#8221; overlay_color_type=&#8221;uncode-palette&#8221;][vc_column_inner column_width_use_pixel=&#8221;yes&#8221; position_horizontal=&#8221;left&#8221; position_vertical=&#8221;bottom&#8221; gutter_size=&#8221;3&#8243; style=&#8221;dark&#8221; overlay_alpha=&#8221;50&#8243; shift_x=&#8221;0&#8243; shift_y=&#8221;0&#8243; shift_y_down=&#8221;0&#8243; z_index=&#8221;0&#8243; medium_width=&#8221;0&#8243; mobile_width=&#8221;0&#8243; css_animation=&#8221;right-t-left&#8221; animation_delay=&#8221;600&#8243; zoom_width=&#8221;0&#8243; zoom_height=&#8221;0&#8243; width=&#8221;1\/1&#8243; column_width_pixel=&#8221;830&#8243; uncode_shortcode_id=&#8221;178101&#8243;][vc_custom_heading heading_semantic=&#8221;h1&#8243; text_size=&#8221;h1&#8243; text_weight=&#8221;400&#8243; uncode_shortcode_id=&#8221;211191&#8243;]PreDiabeText[\/vc_custom_heading][vc_custom_heading text_size=&#8221;h3&#8243; text_weight=&#8221;300&#8243; text_height=&#8221;fontheight-357766&#8243; uncode_shortcode_id=&#8221;168163&#8243;]Coneix i participa en l&#8217;estudi PreDiabeText.[\/vc_custom_heading][vc_empty_space empty_h=&#8221;0&#8243;][vc_separator sep_color=&#8221;,Default&#8221;][vc_button size=&#8221;btn-sm&#8221; radius=&#8221;btn-round&#8221; outline=&#8221;yes&#8221; border_width=&#8221;0&#8243; link=&#8221;url:%23herramientas|&#8221; uncode_shortcode_id=&#8221;203816&#8243;]M\u00c9S INFORMACI\u00d3[\/vc_button][vc_empty_space empty_h=&#8221;1&#8243;][\/vc_column_inner][\/vc_row_inner][\/uncode_slider][\/vc_column][\/vc_row][vc_row row_height_percent=&#8221;0&#8243; override_padding=&#8221;yes&#8221; h_padding=&#8221;2&#8243; top_padding=&#8221;4&#8243; bottom_padding=&#8221;3&#8243; overlay_alpha=&#8221;50&#8243; gutter_size=&#8221;3&#8243; column_width_percent=&#8221;100&#8243; shift_y=&#8221;0&#8243; z_index=&#8221;0&#8243; uncode_shortcode_id=&#8221;257025&#8243; row_name=&#8221;herramientas&#8221;][vc_column column_width_percent=&#8221;100&#8243; gutter_size=&#8221;3&#8243; overlay_alpha=&#8221;50&#8243; shift_x=&#8221;0&#8243; shift_y=&#8221;0&#8243; shift_y_down=&#8221;0&#8243; z_index=&#8221;0&#8243; medium_width=&#8221;0&#8243; mobile_width=&#8221;0&#8243; width=&#8221;1\/1&#8243; uncode_shortcode_id=&#8221;163844&#8243; el_class=&#8221;customTab&#8221;][vc_row_inner row_inner_height_percent=&#8221;0&#8243; overlay_alpha=&#8221;50&#8243; gutter_size=&#8221;4&#8243; shift_y=&#8221;0&#8243; limit_content=&#8221;&#8221;][vc_column_inner column_width_percent=&#8221;100&#8243; gutter_size=&#8221;3&#8243; overlay_alpha=&#8221;50&#8243; shift_x=&#8221;0&#8243; shift_y=&#8221;0&#8243; shift_y_down=&#8221;0&#8243; z_index=&#8221;0&#8243; medium_width=&#8221;0&#8243; mobile_width=&#8221;0&#8243; width=&#8221;1\/1&#8243;][vc_separator sep_color=&#8221;color-uydo&#8221;][vc_custom_heading heading_semantic=&#8221;p&#8221; text_size=&#8221;h4&#8243; text_weight=&#8221;300&#8243; text_height=&#8221;fontheight-357766&#8243; text_space=&#8221;fontspace-781688&#8243; uncode_shortcode_id=&#8221;998349&#8243;]<strong>Participa en l&#8217;estudi PREDIABETEXT<\/strong>[\/vc_custom_heading][vc_single_image media=&#8221;102361&#8243; media_width_percent=&#8221;48&#8243; alignment=&#8221;center&#8221; uncode_shortcode_id=&#8221;357192&#8243; media_link=&#8221;url:https%3A%2F%2Fwww.youtube.com%2Fwatch%3Fv%3DMEKpvulRyHY|target:_blank&#8221;][vc_column_text uncode_shortcode_id=&#8221;126549&#8243;]Ens dirigim a vost\u00e8 des de la Ger\u00e8ncia d&#8217;Atenci\u00f3 Prim\u00e0ria (<i>Servei de Salut de les Illes Balears<\/i>) per convidar-lo a participar en un estudi d&#8217;investigaci\u00f3 que t\u00e9 com a objectiu avaluar un nou m\u00e8tode per prevenir la diabetis tipus 2. Ens posem en contacte amb vost\u00e8 perqu\u00e8 el seu professional de refer\u00e8ncia (metge o infermera) del seu centre de salut est\u00e0 participant amb nosaltres en aquest estudi. A m\u00e9s, en una de les seves an\u00e0lisis recents, els valors de sucre van resultar ser una mica m\u00e9s alts del normal. \u00c9s per aix\u00f2 que li proposem participar amb nosaltres en aquest projecte, per intentar rectificar aquests valors i prevenir la diabetis, evitant aix\u00ed la necessitat de prendre medicaci\u00f3.<br \/>Com ho farem? Mitjan\u00e7ant l&#8217;enviament de SMS al seu tel\u00e8fon m\u00f2bil amb consells per incorporar h\u00e0bits de vida m\u00e9s saludables, principalment sobre dieta i exercici. Al v\u00eddeo que presentem en aquest blog trobar\u00e0 una breu explicaci\u00f3 dels investigadors i testimonis de les experi\u00e8ncies d&#8217;alguns dels participants.<br \/>M\u00e9s avall trobar\u00e0 la fulla d&#8217;informaci\u00f3 al participant i el consentiment informat. Abans d&#8217;incloure&#8217;l en el projecte, necessitem la seva autoritzaci\u00f3. Aviat, una persona de l&#8217;equip d&#8217;investigaci\u00f3 o un avaluador extern autoritzat, el trucar\u00e0 per convidar-lo a participar. En cas que accepti, tamb\u00e9 se li realitzar\u00e0 una entrevista per poder personalitzar els SMS i adaptar-los al m\u00e0xim al seu estil de vida.<br \/>Si, pel contrari, no desitja ser contactat telef\u00f2nicament perqu\u00e8 no li interessa participar en aquest estudi o per qualsevol altre motiu, si us plau, indiqui&#8217;ns-ho a trav\u00e9s del seg\u00fcent enlla\u00e7 i no el trucarem.   <\/p>\n<p>&nbsp;<\/p>\n<p><a href=\"https:\/\/forms.office.com\/Pages\/ResponsePage.aspx?id=uSuzgxYvi02e6Usid1eXVeD4Uj28kjVPu0xJzSnsgLVUN1pVRjFDN0c0OUhUQzRORDRXOEUzMDlTWC4u\">https:\/\/forms.office.com\/Pages\/ResponsePage.aspx?id=uSuzgxYvi02e6Usid1eXVeD4Uj28kjVPu0xJzSnsgLVUN1pVRjFDN0c0OUhUQzRORDRXOEUzMDlTWC4u<\/a><\/p>\n<p>Moltes gr\u00e0cies per la seva consideraci\u00f3. Si t\u00e9 qualsevol dubte, pot trucar al 971175897 i demanar per la Dra. Sofia Mira Mart\u00ednez, coordinadora de l&#8217;estudi, o escriure un correu electr\u00f2nic a sofia.mira@ibsalut.es.[\/vc_column_text][\/vc_column_inner][\/vc_row_inner][\/vc_column][\/vc_row][vc_row row_height_percent=&#8221;0&#8243; override_padding=&#8221;yes&#8221; h_padding=&#8221;2&#8243; top_padding=&#8221;3&#8243; bottom_padding=&#8221;0&#8243; back_color=&#8221;color-gyho&#8221; overlay_alpha=&#8221;50&#8243; gutter_size=&#8221;4&#8243; column_width_percent=&#8221;100&#8243; shift_y=&#8221;0&#8243; z_index=&#8221;0&#8243; inverted_device_order=&#8221;yes&#8221; row_custom_slug_check=&#8221;yes&#8221; uncode_shortcode_id=&#8221;161188&#8243; back_color_type=&#8221;uncode-palette&#8221; row_name=&#8221;herramientas digitales&#8221;][vc_column column_width_percent=&#8221;100&#8243; position_vertical=&#8221;middle&#8221; gutter_size=&#8221;3&#8243; font_family=&#8221;font-673331&#8243; overlay_alpha=&#8221;50&#8243; shift_x=&#8221;0&#8243; shift_y=&#8221;0&#8243; shift_y_down=&#8221;0&#8243; z_index=&#8221;0&#8243; medium_width=&#8221;4&#8243; mobile_width=&#8221;0&#8243; width=&#8221;1\/1&#8243; uncode_shortcode_id=&#8221;862946&#8243;][vc_custom_heading text_size=&#8221;h4&#8243; text_weight=&#8221;400&#8243; text_height=&#8221;fontheight-357766&#8243; uncode_shortcode_id=&#8221;182533&#8243;]<\/p>\n<p style=\"font-weight: 400;\"><b><strong>FULLA D&#8217;INFORMACI\u00d3 AL PARTICIPANT PER A LA REALITZACI\u00d3 D&#8217;UN PROJECTE D&#8217;INVESTIGACI\u00d3 <\/strong><\/b><\/p>\n<p>[\/vc_custom_heading][vc_column_text uncode_shortcode_id=&#8221;120716&#8243;]T\u00cdTOL DE L&#8217;ESTUDI: Desenvolupament i avaluaci\u00f3 d\u2019una intervenci\u00f3 de salut digital multifac\u00e8tica i de baixa intensitat per prevenir la diabetis mellitus tipus 2 en l\u2019\u00e0mbit de l\u2019atenci\u00f3 prim\u00e0ria: l\u2019estudi PREDIABETEXT <br \/>C\u00d2DIC DEL PROMOTOR: SYN20\/04 <br \/>PROMOTOR: Institut d&#8217;Investigaci\u00f3 Sanit\u00e0ria de les Illes Balears (IdISBa) <br \/>INVESTIGADOR\/A PRINCIPAL: Ignacio Ricci Cabello i Escarla Angullo <br \/>CENTRE: Institut d&#8217;Investigaci\u00f3 Sanit\u00e0ria Illes Balears<\/p>\n<p>&nbsp;<\/p>\n<p><b><strong>Introducci\u00f3<\/strong><\/b><\/p>\n<p>Ens posem en contacte amb vost\u00e8 en relaci\u00f3 amb un estudi al qual ens agradaria convidar-lo a participar. L\u2019estudi ha estat aprovat pel Comit\u00e8 d\u2019\u00c8tica de la Investigaci\u00f3 de les Illes Balears, d\u2019acord amb la legislaci\u00f3 vigent, i es duu a terme respectant els principis enunciats a la Declaraci\u00f3 de Helsinki, aix\u00ed com les normes de bona pr\u00e0ctica cl\u00ednica.<br \/>La intenci\u00f3 d\u2019aquest document \u00e9s proporcionar-li la informaci\u00f3 necess\u00e0ria perqu\u00e8 pugui decidir si vol o no participar en aquest estudi. Per a aix\u00f2, llegeixi aquesta fulla informativa amb atenci\u00f3, i nosaltres aclarirem els dubtes que puguin sorgir despr\u00e9s de l\u2019explicaci\u00f3.<br \/>Si t\u00e9 qualsevol dubte, pot dirigir-se a l\u2019investigador principal de l\u2019estudi (Ignacio Ricci Cabello, tlf. 971 175883; <u><a href=\"mailto:ignacio.ricci@ssib.es\">ignacio.ricci@ssib.es<\/a><\/u>). <\/p>\n<p>&nbsp;<\/p>\n<p><b><strong>Descripci\u00f3 general<\/strong><\/b><\/p>\n<p>El present estudi t\u00e9 com a objectiu desenvolupar un nou servei de missatges de text (SMS) dirigit a persones amb un risc m\u00e9s alt de patir diabetis tipus 2 durant els pr\u00f2xims anys. A trav\u00e9s d\u2019aquest servei, es pret\u00e9n que aquestes persones puguin rebre gratu\u00eftament missatges de text als seus tel\u00e8fons m\u00f2bils amb recomanacions per ajudar-les a prevenir l\u2019aparici\u00f3 de diabetis. <br \/>Aquestes recomanacions han estat preparades per un grup d\u2019experts que inclou metges de fam\u00edlia, nutricionistes, psic\u00f2legs i experts en activitat f\u00edsica. L\u2019objectiu principal d\u2019aquests missatges \u00e9s fomentar l\u2019adopci\u00f3 d\u2019estils de vida saludables, amb especial \u00e8mfasi en la dieta i l\u2019activitat f\u00edsica. <br \/>Mitjan\u00e7ant aquest estudi, volem saber fins a quin punt aquest servei de missatges pot ajudar les persones a millorar els seus estils de vida i prevenir l\u2019aparici\u00f3 de diabetis. <br \/>Els participants d\u2019aquest estudi seran assignats aleat\u00f2riament a dos grups: grup intervenci\u00f3 i grup control. \u00danicament els pacients que pertanyin al grup intervenci\u00f3 (al voltant del 70% dels participants) rebran els missatges de text pr\u00e8viament descrits. Els participants assignats al grup control (al voltant del 30%) no rebran missatges de text ni cap altre tipus d\u2019informaci\u00f3 addicional. <br \/>L\u2019assignaci\u00f3 dels pacients a un grup o a un altre es dur\u00e0 a terme mitjan\u00e7ant un programa inform\u00e0tic, despr\u00e9s de la visita d\u2019avaluaci\u00f3 inicial que es detalla a continuaci\u00f3.   <\/p>\n<p>&nbsp;<\/p>\n<p><b><strong>Qu\u00e8 suposaria per a mi participar en aquest estudi<\/strong><\/b><\/p>\n<p>La seva participaci\u00f3 en aquest estudi consistiria en:<\/p>\n<ol>\n<li>Acudir a l&#8217;Hospital Universitari Son Espases o a un centre d&#8217;atenci\u00f3 prim\u00e0ria del <em>Servei de Salut<\/em>, on tindria una cita amb una infermera del nostre estudi. Durant aquesta cita, la infermera li avaluaria els seus h\u00e0bits de vida (mitjan\u00e7ant una s\u00e8rie de preguntes est\u00e0ndard) i de l&#8217;estat de salut. Tamb\u00e9 li farien una extracci\u00f3 sangu\u00ednia, mostra d&#8217;orina, i li pesarien i mesuraven. A aquesta visita hauran d&#8217;assistir tots els pacients (tant del grup control com del grup intervenci\u00f3).   <\/li>\n<li>Rebre i llegir els missatges de text. S\u00f3n missatges curts, que contenen un m\u00e0xim de 160 car\u00e0cters. Aquests missatges els rebria de forma totalment gratu\u00efta al seu propi tel\u00e8fon m\u00f2bil. Rebria un m\u00e0xim de tres missatges setmanals, durant un per\u00edode de 6 mesos. Aquests missatges nom\u00e9s els rebran els participants del grup intervenci\u00f3.    <\/li>\n<li>Despr\u00e9s dels 6 mesos, acudir a l&#8217;Hospital Universitari Son Espases o a un centre d&#8217;atenci\u00f3 prim\u00e0ria del <em>Servei de Salut<\/em>, on tindr\u00e0 lloc una altra cita amb una infermera del nostre estudi. La finalitat d&#8217;aquesta cita ser\u00e0 la mateixa que la pr\u00e8viament descrita en el punt 1. A aquesta visita hauran d&#8217;assistir tots els pacients (tant del grup control com del grup intervenci\u00f3).  <\/li>\n<\/ol>\n<p>&nbsp;<\/p>\n<p><b><strong>Beneficis i riscos derivats de la participaci\u00f3 en l&#8217;estudi<\/strong><\/b><\/p>\n<p>La participaci\u00f3 en aquest estudi podria ajudar-lo a con\u00e8ixer millor com prevenir la diabetis, cosa que creiem que li pot ser \u00fatil per millorar la seva salut. Fins i tot en el cas que no fos aix\u00ed, la seva ajuda podria contribuir a dissenyar un servei que sigui el m\u00e9s \u00fatil possible per ajudar a persones en risc de patir diabetis a prevenir aquesta malaltia. L&#8217;\u00fanic risc derivat de la seva participaci\u00f3 en l&#8217;estudi \u00e9s el relacionat amb el proc\u00e9s d&#8217;extracci\u00f3 de sang. Tot i que es realitzar\u00e0 per part d&#8217;una infermera experimentada, en algunes ocasions la punxada pot produir cert dolor i pot causar una mica d&#8217;enrogiment i inflor al lloc de la punxada. <\/p>\n<p>&nbsp;<\/p>\n<p><b><strong>CONFIDENCIALITAT<\/strong><\/b><\/p>\n<ul>\n<li><u>Responsable del tractament<\/u>: Dr. Ignacio Ricci Cabello (Ger\u00e8ncia d&#8217;Atenci\u00f3 Prim\u00e0ria de Mallorca, al Carrer de l&#8217;Escola Graduada, 3, 07002 Palma, Illes Balears. 971175897; ignacio.ricci@ssib.es) i Dra. Escarlata Angullo Mart\u00ednez (escarlata.angullo@ibsalut.es; 971717047) <\/li>\n<li><u>Delegat de protecci\u00f3 de dades<\/u>: podr\u00e0 realitzar qualsevol consulta sobre aquest tractament davant la Delegaci\u00f3 de Protecci\u00f3 de Dades de l&#8217;organisme promotor de la investigaci\u00f3, la <em>Fundaci\u00f3 Institut d&#8217;Investigaci\u00f3 Sanit\u00e0ria Illes Balears<\/em> (IdISBa), la qual t\u00e9 la seva seu a la Crta. Valldemossa, 79 (Hospital Universitari Son Espases), Edifici S, 1a planta. 07010 Palma de Mallorca. Delegat de Protecci\u00f3 de Dades: idisba.protecciondatos@ssib.es   <\/li>\n<li><u>Finalitat de la recollida de dades<\/u>: les seves dades personals seran tractades amb finalitats de recerca cient\u00edfica, estudis, assaigs, programes i activitat docent, per tal de desenvolupar les funcions de promoci\u00f3 de la salut, prevenci\u00f3 de les malalties, doc\u00e8ncia i com a complement de l&#8217;activitat assistencial necess\u00e0ria dels centres del sistema p\u00fablic sanitari, i amb finalitats de recerca epidemiol\u00f2gica i activitats an\u00e0logues.<\/li>\n<li><u>Destinataris de la informaci\u00f3<\/u>: No est\u00e0 prevista la comunicaci\u00f3 de les seves dades personals a tercers.<\/li>\n<li><u>Termini m\u00e0xim de conservaci\u00f3 de les dades<\/u>: Es conservaran durant el temps necessari per complir amb la finalitat per a la qual es van recollir i per determinar les possibles responsabilitats que es puguin derivar d&#8217;aquesta finalitat i del tractament de les dades. No obstant aix\u00f2, es fixa com a per\u00edode m\u00e0xim de conservaci\u00f3 cinc anys a partir de la data de recollida del consentiment informat. <\/li>\n<\/ul>\n<p>El tractament, la comunicaci\u00f3 i la cessi\u00f3 de les dades de car\u00e0cter personal de tots els subjectes participants s&#8217;ajustaran a all\u00f2 establert en la Llei Org\u00e0nica 3\/2018, de 5 de desembre, de protecci\u00f3 de dades de car\u00e0cter personal i garantia dels drets digitals. D&#8217;acord amb el que estableix la legislaci\u00f3 mencionada, vost\u00e8 pot exercir els drets d&#8217;acc\u00e9s, rectificaci\u00f3, supressi\u00f3, oposici\u00f3, limitaci\u00f3 del tractament de dades, incl\u00fas traslladar les seves dades a un tercer autoritzat (portabilitat), per al qual haur\u00e0 d&#8217;adre\u00e7ar-se a l&#8217;investigador principal responsable del tractament a les seg\u00fcents adreces: Ger\u00e8ncia d&#8217;Atenci\u00f3 Prim\u00e0ria de Mallorca, al Carrer de l&#8217;Escola Graduada, 3, 07002 Palma, Illes Balears. 971175897; ignacio.ricci@ssib.es.<br \/>Les seves dades seran tractades inform\u00e0ticament i s&#8217;incorporaran a un sistema automatitzat de dades de car\u00e0cter personal que compleix amb totes les mesures de seguretat d&#8217;acc\u00e9s restringit per a l&#8217;objectiu descrit en aquest document. Per garantir la confidencialitat de la informaci\u00f3 obtinguda, les seves dades estaran identificades mitjan\u00e7ant un codi i nom\u00e9s els investigadors de l&#8217;estudi i col\u00b7laboradors podran relacionar aquestes dades amb vost\u00e8 i amb la seva hist\u00f2ria cl\u00ednica. Per tant, la seva identitat no ser\u00e0 revelada a cap persona, excepte en cas d&#8217;urg\u00e8ncia m\u00e8dica, requeriment de l&#8217;Administraci\u00f3 sanit\u00e0ria o requeriment legal.<br \/>Nom\u00e9s es transmetran a tercers i a altres pa\u00efsos les dades imprescindibles necess\u00e0ries per poder realitzar l&#8217;estudi, i que en cap cas contendran informaci\u00f3 que li pugui identificar directament, com el nom i cognoms, inicials, adre\u00e7a, n\u00ba de la Seguretat Social, etc. En cas que es produeixi aquesta cessi\u00f3, ser\u00e0 per als mateixos fins de l&#8217;estudi descrit i garantint la confidencialitat com a m\u00ednim amb el nivell de protecci\u00f3 de la legislaci\u00f3 vigent al nostre pa\u00eds.<br \/>L&#8217;acc\u00e9s a la seva informaci\u00f3 personal quedar\u00e0 restringit a l&#8217;investigador principal de l&#8217;estudi\/col\u00b7laboradors, autoritats sanit\u00e0ries, al Comit\u00e8 d&#8217;\u00c8tica de la Investigaci\u00f3 de les Illes Balears i personal autoritzat, quan ho precisin per comprovar les dades i procediments de l&#8217;estudi, per\u00f2 sempre mantenint la confidencialitat d&#8217;aquests de conformitat amb la legislaci\u00f3 vigent. Igualment, se l&#8217;informa que vost\u00e8 podr\u00e0 realitzar qualsevol consulta sobre aquest tractament davant la Delegaci\u00f3 de Protecci\u00f3 de Dades de l&#8217;organisme promotor de la investigaci\u00f3, la <em>Fundaci\u00f3 Institut d&#8217;Investigaci\u00f3 Sanit\u00e0ria Illes Balears <\/em>(IdISBa), que t\u00e9 la seva seu a la Crta. Valldemossa, 79 (<em>Hospital Universitari Son Espases<\/em>), Edifici S, 1a planta. 07010 Palma de Mallorca. Delegat de Protecci\u00f3 de Dades: idisba.protecciondatos@ssib.es.<br \/>En qualsevol cas, vost\u00e8 pot adre\u00e7ar-se a l&#8217;Ag\u00e8ncia Espanyola de Protecci\u00f3 de Dades per a qualsevol reclamaci\u00f3 derivada del tractament de les seves dades personals.<\/p>\n<p>&nbsp;<\/p>\n<p><b><strong>Compensaci\u00f3 econ\u00f2mica<\/strong><\/b><\/p>\n<p>La participaci\u00f3 en aquest estudi no comporta cap classe de compensaci\u00f3 econ\u00f2mica.<\/p>\n<p>&nbsp;<\/p>\n<p><b><strong>Participaci\u00f3 volunt\u00e0ria<\/strong><\/b><\/p>\n<p>Ha de saber que la seva participaci\u00f3 en aquest estudi \u00e9s volunt\u00e0ria i que pot decidir no participar-hi o canviar la seva decisi\u00f3 i retirar el consentiment en qualsevol moment, sense donar cap classe d&#8217;explicaci\u00f3, sense que aix\u00f2 alteri la relaci\u00f3 amb el seu centre de salut o amb la Ger\u00e8ncia d&#8217;Atenci\u00f3 Prim\u00e0ria. Per revocar el seu consentiment haur\u00e0 de dirigir-se a l&#8217;Investigador Principal (Ignacio Ricci Cabello, tlf971 175883; <a href=\"mailto:ignacio.ricci@ssib.es\"><u>ignacio.ricci@ssib.es<\/u><\/a>). Si vost\u00e8 decideix revocar el seu consentiment, no es recolliran nous dades ni es duran a terme noves an\u00e0lisis de la mostra, per\u00f2 aquesta revocaci\u00f3 no afectar\u00e0 les investigacions realitzades fins al moment.<\/p>\n<p>&nbsp;<\/p>\n<p><b><strong>Agra\u00efment<\/strong><\/b><\/p>\n<p>Sigui quina sigui la seva decisi\u00f3, tant el promotor com l&#8217;equip investigador volen agrair-li el seu temps i la seva atenci\u00f3.[\/vc_column_text][vc_empty_space empty_h=&#8221;2&#8243;][\/vc_column][\/vc_row][vc_row row_height_percent=&#8221;0&#8243; override_padding=&#8221;yes&#8221; h_padding=&#8221;2&#8243; top_padding=&#8221;0&#8243; bottom_padding=&#8221;2&#8243; back_color=&#8221;color-gyho&#8221; overlay_alpha=&#8221;50&#8243; gutter_size=&#8221;4&#8243; column_width_percent=&#8221;100&#8243; shift_y=&#8221;0&#8243; z_index=&#8221;0&#8243; inverted_device_order=&#8221;yes&#8221; uncode_shortcode_id=&#8221;942837&#8243; back_color_type=&#8221;uncode-palette&#8221;][vc_column column_width_percent=&#8221;100&#8243; position_vertical=&#8221;middle&#8221; gutter_size=&#8221;3&#8243; font_family=&#8221;font-673331&#8243; overlay_alpha=&#8221;50&#8243; shift_x=&#8221;0&#8243; shift_y=&#8221;0&#8243; shift_y_down=&#8221;0&#8243; z_index=&#8221;0&#8243; medium_width=&#8221;4&#8243; mobile_width=&#8221;0&#8243; width=&#8221;1\/1&#8243; uncode_shortcode_id=&#8221;862946&#8243;][vc_separator sep_color=&#8221;color-uydo&#8221;][\/vc_column][\/vc_row][vc_row row_height_percent=&#8221;0&#8243; override_padding=&#8221;yes&#8221; h_padding=&#8221;2&#8243; top_padding=&#8221;3&#8243; bottom_padding=&#8221;0&#8243; overlay_alpha=&#8221;50&#8243; gutter_size=&#8221;4&#8243; column_width_percent=&#8221;100&#8243; shift_y=&#8221;0&#8243; z_index=&#8221;0&#8243; inverted_device_order=&#8221;yes&#8221; row_custom_slug_check=&#8221;yes&#8221; uncode_shortcode_id=&#8221;153940&#8243; row_name=&#8221;herramientas digitales&#8221;][vc_column column_width_percent=&#8221;100&#8243; position_vertical=&#8221;middle&#8221; gutter_size=&#8221;3&#8243; font_family=&#8221;font-673331&#8243; overlay_alpha=&#8221;50&#8243; shift_x=&#8221;0&#8243; shift_y=&#8221;0&#8243; shift_y_down=&#8221;0&#8243; z_index=&#8221;0&#8243; medium_width=&#8221;4&#8243; mobile_width=&#8221;0&#8243; width=&#8221;1\/1&#8243; uncode_shortcode_id=&#8221;862946&#8243;][vc_custom_heading text_size=&#8221;h4&#8243; text_weight=&#8221;400&#8243; text_height=&#8221;fontheight-357766&#8243; uncode_shortcode_id=&#8221;198104&#8243;]<\/p>\n<p style=\"font-weight: 400;\"><b><strong>CONSENTIMENT INFORMAT<\/strong><\/b><\/p>\n<p>[\/vc_custom_heading][vc_column_text uncode_shortcode_id=&#8221;624455&#8243;]<\/p>\n<p class=\"Paragraph SCXW106989163 BCX2\"><span class=\"TextRun SCXW106989163 BCX2\" lang=\"ES-ES\" xml:lang=\"ES-ES\" data-contrast=\"none\">Durant la trucada telef\u00f2nica i sempre que vost\u00e8 decideixi participar en l&#8217;estudi, procedirem a llegir-li i enregistrar el consentiment informat a fi que quedi const\u00e0ncia que vost\u00e8 accepta participar. <\/span><\/p>\n<p>[\/vc_column_text][vc_column_text uncode_shortcode_id=&#8221;132565&#8243;]T\u00cdTOL DE L&#8217;ESTUDI: Desenvolupament i avaluaci\u00f3 d&#8217;una intervenci\u00f3 de salut digital multifac\u00e8tica i de baixa intensitat per prevenir la diabetis mellitus tipus 2 en l&#8217;\u00e0mbit de l&#8217;atenci\u00f3 prim\u00e0ria: l&#8217;estudi PREDIABETEXT<br \/>CODI DEL PROMOTOR: SYN20\/04<br \/>PROMOTOR: Institut d&#8217;Investigaci\u00f3 Sanit\u00e0ria de les Illes Balears (IdISBa)<br \/>INVESTIGADOR PRINCIPAL: Ignacio Ricci Cabello i Escarla Angullo<br \/>CENTRE: Institut d&#8217;Investigaci\u00f3 Sanit\u00e0ria Illes Balears<br \/>Jo, (nom i cognoms), ________________________________<\/p>\n<p>&nbsp;<\/p>\n<ul>\n<li>He llegit la fulla d&#8217;informaci\u00f3 que se m&#8217;ha lliurat.<\/li>\n<li>He pogut fer preguntes sobre l&#8217;estudi.<\/li>\n<li>He rebut suficient informaci\u00f3 sobre l&#8217;estudi.<\/li>\n<li>He obtingut tota la informaci\u00f3 relativa al tractament de les meves dades personals.<\/li>\n<li>He pogut parlar amb els responsables d&#8217;aquest estudi (Ignacio Ricci Cabello o amb Escarlata Angullo) en cas que ho desitg\u00e9s.<\/li>\n<li>Entenc que la meva participaci\u00f3 \u00e9s volunt\u00e0ria.<\/li>\n<li>Entenc que puc retirar-me de l&#8217;estudi:\n<ul>\n<li>Quan vulgui.<\/li>\n<li>Sense haver de donar explicacions.<\/li>\n<li>Sense que aix\u00f2 repercuteixi en les meves cures m\u00e8diques.<\/li>\n<\/ul>\n<\/li>\n<li>Comprenc que els investigadors podran tenir acc\u00e9s durant la durada de l&#8217;estudi a determinades dades registrades en la meva hist\u00f2ria de salut.<\/li>\n<li>Comprenc que, si decidesc retirar-me de l&#8217;estudi, els resultats obtinguts fins a aquell moment podran continuar sent utilitzats.<\/li>\n<li>En el cas que els resultats de la recerca proporcionin dades que em puguin interessar a mi o als meus familiars: (indicar a una de les caselles)\n<ul>\n<li>Vull ser informat.<\/li>\n<li>No vull ser informat, per\u00f2 accepto que el meu metge contacti amb els meus familiars si aquests resultats els poden afectar.<\/li>\n<\/ul>\n<\/li>\n<li>Comprenc que tinc els drets d&#8217;acc\u00e9s, rectificaci\u00f3, supressi\u00f3, oposici\u00f3, limitaci\u00f3 del tractament de dades, fins i tot a traslladar les meves dades a un tercer autoritzat (portabilitat), d&#8217;acord amb el que disposa la Llei Org\u00e0nica 3\/2018, de 5 de desembre, de protecci\u00f3 de dades de car\u00e0cter personal i garantia dels drets digitals.<\/li>\n<li>Prest lliurement la meva conformitat per participar en l&#8217;estudi i don el meu consentiment per a l&#8217;acc\u00e9s i utilitzaci\u00f3 de les meves dades en les condicions detallades a la fulla d&#8217;informaci\u00f3 al pacient.<\/li>\n<\/ul>\n<p>&nbsp;<\/p>\n<p>Firma del pacient: <br \/>Firma de l&#8217;investigador: (nom i cognoms) Ignacio Ricci Cabello[\/vc_column_text][vc_empty_space empty_h=&#8221;2&#8243;][\/vc_column][\/vc_row][vc_row row_height_percent=&#8221;0&#8243; override_padding=&#8221;yes&#8221; h_padding=&#8221;2&#8243; top_padding=&#8221;0&#8243; bottom_padding=&#8221;2&#8243; overlay_alpha=&#8221;50&#8243; gutter_size=&#8221;4&#8243; column_width_percent=&#8221;100&#8243; shift_y=&#8221;0&#8243; z_index=&#8221;0&#8243; inverted_device_order=&#8221;yes&#8221; uncode_shortcode_id=&#8221;139026&#8243;][vc_column column_width_percent=&#8221;100&#8243; position_vertical=&#8221;middle&#8221; gutter_size=&#8221;3&#8243; font_family=&#8221;font-673331&#8243; overlay_alpha=&#8221;50&#8243; shift_x=&#8221;0&#8243; shift_y=&#8221;0&#8243; shift_y_down=&#8221;0&#8243; z_index=&#8221;0&#8243; medium_width=&#8221;4&#8243; mobile_width=&#8221;0&#8243; width=&#8221;1\/1&#8243; uncode_shortcode_id=&#8221;862946&#8243;][vc_separator sep_color=&#8221;color-uydo&#8221;][\/vc_column][\/vc_row][vc_row][vc_column width=&#8221;1\/1&#8243;][vc_empty_space empty_h=&#8221;2&#8243;][vc_custom_heading text_size=&#8221;h4&#8243; text_weight=&#8221;400&#8243; text_height=&#8221;fontheight-357766&#8243; uncode_shortcode_id=&#8221;153189&#8243;]<\/p>\n<p style=\"font-weight: 400;\"><b><strong>CONEIX M\u00c9S SOBRE DIABETEXT I LA RESTA D&#8217;EINES DEL NOSTRE GRUP GRAPP-caIB<\/strong><\/b><\/p>\n<p>[\/vc_custom_heading][vc_column_text uncode_shortcode_id=&#8221;958990&#8243;]La herramienta DiabeText forma parte de un grupo de herramientas digitales desarrolladas por nuestro grupo de investigaci\u00f3n GRAPP-caIB.<\/p>\n<p>Si quieres saber m\u00e1s acerca de la herramienta DiabeText, pincha en el siguiente <a href=\"https:\/\/grappcaib.es\/ca\/diabetext\/\">enlace<\/a>.[\/vc_column_text][\/vc_column][\/vc_row]<\/p>\n","protected":false},"excerpt":{"rendered":"<p>[vc_row row_height_percent=&#8221;0&#8243; override_padding=&#8221;yes&#8221; h_padding=&#8221;2&#8243; top_padding=&#8221;3&#8243; bottom_padding=&#8221;2&#8243; back_color=&#8221;color-wayh&#8221; overlay_alpha=&#8221;50&#8243; gutter_size=&#8221;3&#8243; column_width_percent=&#8221;100&#8243; shift_y=&#8221;0&#8243; z_index=&#8221;0&#8243; front_end_with_slider=&#8221;true&#8221; uncode_shortcode_id=&#8221;107193&#8243; back_color_type=&#8221;uncode-palette&#8221;][vc_column column_width_percent=&#8221;100&#8243; position_vertical=&#8221;bottom&#8221; gutter_size=&#8221;3&#8243; style=&#8221;dark&#8221; overlay_alpha=&#8221;50&#8243; [&hellip;]<\/p>\n","protected":false},"author":3,"featured_media":0,"parent":0,"menu_order":0,"comment_status":"closed","ping_status":"closed","template":"","meta":{"footnotes":""},"class_list":["post-103259","page","type-page","status-publish","hentry"],"yoast_head":"<!-- This site is optimized with the Yoast SEO plugin v26.2 - https:\/\/yoast.com\/wordpress\/plugins\/seo\/ -->\n<title>PreDiabeText_HIP - GRAPP CAIB<\/title>\n<meta name=\"description\" content=\"Treballam perqu\u00e8 els resultats dels nostres estudis condueixin al desenvolupament de noves eines amb l&#039;objectiu \u00faltim de contribuir a millorar la salut de la nostra poblaci\u00f3.\" \/>\n<meta name=\"robots\" content=\"index, follow, max-snippet:-1, max-image-preview:large, max-video-preview:-1\" \/>\n<link rel=\"canonical\" href=\"https:\/\/grappcaib.es\/ca\/prediabetext_hip\/\" \/>\n<meta property=\"og:locale\" content=\"ca_ES\" \/>\n<meta property=\"og:type\" content=\"article\" \/>\n<meta property=\"og:title\" content=\"PreDiabeText_HIP - GRAPP CAIB\" \/>\n<meta property=\"og:description\" content=\"Treballam perqu\u00e8 els resultats dels nostres estudis condueixin al desenvolupament de noves eines amb l&#039;objectiu \u00faltim de contribuir a millorar la salut de la nostra poblaci\u00f3.\" \/>\n<meta property=\"og:url\" content=\"https:\/\/grappcaib.es\/ca\/prediabetext_hip\/\" \/>\n<meta property=\"og:site_name\" content=\"GRAPP CAIB\" \/>\n<meta property=\"article:modified_time\" content=\"2025-01-16T08:43:51+00:00\" \/>\n<meta name=\"twitter:card\" content=\"summary_large_image\" \/>\n<meta name=\"twitter:label1\" content=\"Temps estimat de lectura\" \/>\n\t<meta name=\"twitter:data1\" content=\"17 minuts\" \/>\n<script type=\"application\/ld+json\" class=\"yoast-schema-graph\">{\"@context\":\"https:\/\/schema.org\",\"@graph\":[{\"@type\":\"WebPage\",\"@id\":\"https:\/\/grappcaib.es\/ca\/prediabetext_hip\/\",\"url\":\"https:\/\/grappcaib.es\/ca\/prediabetext_hip\/\",\"name\":\"PreDiabeText_HIP - GRAPP CAIB\",\"isPartOf\":{\"@id\":\"https:\/\/grappcaib.es\/ca\/#website\"},\"datePublished\":\"2022-04-25T13:18:02+00:00\",\"dateModified\":\"2025-01-16T08:43:51+00:00\",\"description\":\"Treballam perqu\u00e8 els resultats dels nostres estudis condueixin al desenvolupament de noves eines amb l'objectiu \u00faltim de contribuir a millorar la salut de la nostra poblaci\u00f3.\",\"breadcrumb\":{\"@id\":\"https:\/\/grappcaib.es\/ca\/prediabetext_hip\/#breadcrumb\"},\"inLanguage\":\"ca\",\"potentialAction\":[{\"@type\":\"ReadAction\",\"target\":[\"https:\/\/grappcaib.es\/ca\/prediabetext_hip\/\"]}]},{\"@type\":\"BreadcrumbList\",\"@id\":\"https:\/\/grappcaib.es\/ca\/prediabetext_hip\/#breadcrumb\",\"itemListElement\":[{\"@type\":\"ListItem\",\"position\":1,\"name\":\"Portada\",\"item\":\"https:\/\/grappcaib.es\/ca\/\"},{\"@type\":\"ListItem\",\"position\":2,\"name\":\"PreDiabeText_HIP\"}]},{\"@type\":\"WebSite\",\"@id\":\"https:\/\/grappcaib.es\/ca\/#website\",\"url\":\"https:\/\/grappcaib.es\/ca\/\",\"name\":\"GRAPP CAIB\",\"description\":\"GRAPP CAIB\",\"potentialAction\":[{\"@type\":\"SearchAction\",\"target\":{\"@type\":\"EntryPoint\",\"urlTemplate\":\"https:\/\/grappcaib.es\/ca\/?s={search_term_string}\"},\"query-input\":{\"@type\":\"PropertyValueSpecification\",\"valueRequired\":true,\"valueName\":\"search_term_string\"}}],\"inLanguage\":\"ca\"}]}<\/script>\n<!-- \/ Yoast SEO plugin. -->","yoast_head_json":{"title":"PreDiabeText_HIP - GRAPP CAIB","description":"Treballam perqu\u00e8 els resultats dels nostres estudis condueixin al desenvolupament de noves eines amb l'objectiu \u00faltim de contribuir a millorar la salut de la nostra poblaci\u00f3.","robots":{"index":"index","follow":"follow","max-snippet":"max-snippet:-1","max-image-preview":"max-image-preview:large","max-video-preview":"max-video-preview:-1"},"canonical":"https:\/\/grappcaib.es\/ca\/prediabetext_hip\/","og_locale":"ca_ES","og_type":"article","og_title":"PreDiabeText_HIP - GRAPP CAIB","og_description":"Treballam perqu\u00e8 els resultats dels nostres estudis condueixin al desenvolupament de noves eines amb l'objectiu \u00faltim de contribuir a millorar la salut de la nostra poblaci\u00f3.","og_url":"https:\/\/grappcaib.es\/ca\/prediabetext_hip\/","og_site_name":"GRAPP CAIB","article_modified_time":"2025-01-16T08:43:51+00:00","twitter_card":"summary_large_image","twitter_misc":{"Temps estimat de lectura":"17 minuts"},"schema":{"@context":"https:\/\/schema.org","@graph":[{"@type":"WebPage","@id":"https:\/\/grappcaib.es\/ca\/prediabetext_hip\/","url":"https:\/\/grappcaib.es\/ca\/prediabetext_hip\/","name":"PreDiabeText_HIP - GRAPP CAIB","isPartOf":{"@id":"https:\/\/grappcaib.es\/ca\/#website"},"datePublished":"2022-04-25T13:18:02+00:00","dateModified":"2025-01-16T08:43:51+00:00","description":"Treballam perqu\u00e8 els resultats dels nostres estudis condueixin al desenvolupament de noves eines amb l'objectiu \u00faltim de contribuir a millorar la salut de la nostra poblaci\u00f3.","breadcrumb":{"@id":"https:\/\/grappcaib.es\/ca\/prediabetext_hip\/#breadcrumb"},"inLanguage":"ca","potentialAction":[{"@type":"ReadAction","target":["https:\/\/grappcaib.es\/ca\/prediabetext_hip\/"]}]},{"@type":"BreadcrumbList","@id":"https:\/\/grappcaib.es\/ca\/prediabetext_hip\/#breadcrumb","itemListElement":[{"@type":"ListItem","position":1,"name":"Portada","item":"https:\/\/grappcaib.es\/ca\/"},{"@type":"ListItem","position":2,"name":"PreDiabeText_HIP"}]},{"@type":"WebSite","@id":"https:\/\/grappcaib.es\/ca\/#website","url":"https:\/\/grappcaib.es\/ca\/","name":"GRAPP CAIB","description":"GRAPP CAIB","potentialAction":[{"@type":"SearchAction","target":{"@type":"EntryPoint","urlTemplate":"https:\/\/grappcaib.es\/ca\/?s={search_term_string}"},"query-input":{"@type":"PropertyValueSpecification","valueRequired":true,"valueName":"search_term_string"}}],"inLanguage":"ca"}]}},"_hostinger_reach_plugin_has_subscription_block":false,"_hostinger_reach_plugin_is_elementor":false,"_links":{"self":[{"href":"https:\/\/grappcaib.es\/ca\/wp-json\/wp\/v2\/pages\/103259","targetHints":{"allow":["GET"]}}],"collection":[{"href":"https:\/\/grappcaib.es\/ca\/wp-json\/wp\/v2\/pages"}],"about":[{"href":"https:\/\/grappcaib.es\/ca\/wp-json\/wp\/v2\/types\/page"}],"author":[{"embeddable":true,"href":"https:\/\/grappcaib.es\/ca\/wp-json\/wp\/v2\/users\/3"}],"replies":[{"embeddable":true,"href":"https:\/\/grappcaib.es\/ca\/wp-json\/wp\/v2\/comments?post=103259"}],"version-history":[{"count":8,"href":"https:\/\/grappcaib.es\/ca\/wp-json\/wp\/v2\/pages\/103259\/revisions"}],"predecessor-version":[{"id":103656,"href":"https:\/\/grappcaib.es\/ca\/wp-json\/wp\/v2\/pages\/103259\/revisions\/103656"}],"wp:attachment":[{"href":"https:\/\/grappcaib.es\/ca\/wp-json\/wp\/v2\/media?parent=103259"}],"curies":[{"name":"wp","href":"https:\/\/api.w.org\/{rel}","templated":true}]}}