{"id":103281,"date":"2021-12-26T10:06:44","date_gmt":"2021-12-26T10:06:44","guid":{"rendered":"https:\/\/grappcaib.es\/sobre-grapp-caib\/"},"modified":"2026-04-21T09:03:17","modified_gmt":"2026-04-21T09:03:17","slug":"sobre-grapp-caib","status":"publish","type":"page","link":"https:\/\/grappcaib.es\/ca\/sobre-grapp-caib\/","title":{"rendered":"Sobre GRAPP-caIB"},"content":{"rendered":"<p>[vc_row row_height_percent=&#8221;0&#8243; override_padding=&#8221;yes&#8221; h_padding=&#8221;2&#8243; top_padding=&#8221;3&#8243; bottom_padding=&#8221;2&#8243; back_color=&#8221;color-wayh&#8221; overlay_alpha=&#8221;50&#8243; gutter_size=&#8221;3&#8243; column_width_percent=&#8221;100&#8243; shift_y=&#8221;0&#8243; z_index=&#8221;0&#8243; front_end_with_slider=&#8221;true&#8221; uncode_shortcode_id=&#8221;107193&#8243; back_color_type=&#8221;uncode-palette&#8221;][vc_column column_width_percent=&#8221;100&#8243; position_vertical=&#8221;bottom&#8221; gutter_size=&#8221;3&#8243; style=&#8221;dark&#8221; overlay_alpha=&#8221;50&#8243; shift_x=&#8221;0&#8243; shift_y=&#8221;0&#8243; shift_y_down=&#8221;0&#8243; z_index=&#8221;0&#8243; medium_width=&#8221;0&#8243; mobile_width=&#8221;0&#8243; zoom_width=&#8221;0&#8243; zoom_height=&#8221;0&#8243; width=&#8221;1\/1&#8243;][uncode_slider slider_interval=&#8221;0&#8243; slider_navspeed=&#8221;0&#8243; slider_hide_arrows=&#8221;yes&#8221; slider_hide_dots=&#8221;yes&#8221; slider_dot_align=&#8221;left&#8221;][vc_row_inner row_inner_height_percent=&#8221;0&#8243; back_color=&#8221;color-wayh&#8221; back_image=&#8221;100915&#8243; back_position=&#8221;center bottom&#8221; parallax=&#8221;yes&#8221; kburns=&#8221;yes&#8221; overlay_color=&#8221;color-wayh&#8221; overlay_alpha=&#8221;40&#8243; gutter_size=&#8221;4&#8243; shift_y=&#8221;0&#8243; z_index=&#8221;0&#8243; limit_content=&#8221;yes&#8221; front_end_with_slider=&#8221;true&#8221; uncode_shortcode_id=&#8221;164368&#8243; back_color_type=&#8221;uncode-palette&#8221; overlay_color_type=&#8221;uncode-palette&#8221;][vc_column_inner column_width_use_pixel=&#8221;yes&#8221; position_horizontal=&#8221;left&#8221; position_vertical=&#8221;bottom&#8221; gutter_size=&#8221;3&#8243; style=&#8221;dark&#8221; overlay_alpha=&#8221;50&#8243; shift_x=&#8221;0&#8243; shift_y=&#8221;0&#8243; shift_y_down=&#8221;0&#8243; z_index=&#8221;0&#8243; medium_width=&#8221;0&#8243; mobile_width=&#8221;0&#8243; css_animation=&#8221;right-t-left&#8221; animation_delay=&#8221;600&#8243; zoom_width=&#8221;0&#8243; zoom_height=&#8221;0&#8243; width=&#8221;1\/1&#8243; column_width_pixel=&#8221;830&#8243; uncode_shortcode_id=&#8221;178101&#8243;][vc_custom_heading heading_semantic=&#8221;h1&#8243; text_size=&#8221;h1&#8243; text_weight=&#8221;400&#8243; uncode_shortcode_id=&#8221;162573&#8243;]Sobre GRAPP-caIB[\/vc_custom_heading][vc_custom_heading text_size=&#8221;h3&#8243; text_weight=&#8221;300&#8243; text_height=&#8221;fontheight-357766&#8243; uncode_shortcode_id=&#8221;124736&#8243;]El grup d&#8217;investigaci\u00f3 d&#8217;activitats preventives i promoci\u00f3 (GRAPP-caIB) \u00e9s un grup de l&#8217;Institut d&#8217;Investigaci\u00f3 Sanit\u00e0ria de les Illes Balears (IdISBa).[\/vc_custom_heading][vc_empty_space empty_h=&#8221;0&#8243;][vc_separator sep_color=&#8221;,Default&#8221;][vc_button size=&#8221;btn-sm&#8221; radius=&#8221;btn-round&#8221; outline=&#8221;yes&#8221; border_width=&#8221;0&#8243; link=&#8221;url:%23quienes-somos|&#8221; uncode_shortcode_id=&#8221;439775&#8243;]M\u00c9S INFORMACI\u00d3[\/vc_button][vc_empty_space empty_h=&#8221;1&#8243;][\/vc_column_inner][\/vc_row_inner][\/uncode_slider][\/vc_column][\/vc_row][vc_row row_height_percent=&#8221;0&#8243; override_padding=&#8221;yes&#8221; h_padding=&#8221;2&#8243; top_padding=&#8221;4&#8243; bottom_padding=&#8221;3&#8243; overlay_alpha=&#8221;50&#8243; gutter_size=&#8221;3&#8243; column_width_percent=&#8221;100&#8243; shift_y=&#8221;0&#8243; z_index=&#8221;0&#8243; uncode_shortcode_id=&#8221;396067&#8243; row_name=&#8221;quienes-somos&#8221;][vc_column column_width_percent=&#8221;100&#8243; gutter_size=&#8221;3&#8243; overlay_alpha=&#8221;50&#8243; shift_x=&#8221;0&#8243; shift_y=&#8221;0&#8243; shift_y_down=&#8221;0&#8243; z_index=&#8221;0&#8243; medium_width=&#8221;0&#8243; mobile_width=&#8221;0&#8243; width=&#8221;1\/1&#8243; uncode_shortcode_id=&#8221;163844&#8243; el_class=&#8221;customTab&#8221;][vc_row_inner row_inner_height_percent=&#8221;0&#8243; overlay_alpha=&#8221;50&#8243; gutter_size=&#8221;4&#8243; shift_y=&#8221;0&#8243; limit_content=&#8221;&#8221;][vc_column_inner column_width_percent=&#8221;100&#8243; gutter_size=&#8221;4&#8243; overlay_alpha=&#8221;50&#8243; shift_x=&#8221;0&#8243; shift_y=&#8221;0&#8243; shift_y_down=&#8221;0&#8243; z_index=&#8221;0&#8243; medium_width=&#8221;0&#8243; mobile_width=&#8221;0&#8243; sticky=&#8221;yes&#8221; width=&#8221;3\/12&#8243; uncode_shortcode_id=&#8221;191732&#8243;][vc_separator sep_color=&#8221;accent&#8221;][vc_custom_heading text_size=&#8221;h4&#8243; text_weight=&#8221;400&#8243; text_height=&#8221;fontheight-357766&#8243; uncode_shortcode_id=&#8221;149389&#8243;]Qui som[\/vc_custom_heading][\/vc_column_inner][vc_column_inner column_width_percent=&#8221;100&#8243; gutter_size=&#8221;3&#8243; overlay_alpha=&#8221;50&#8243; shift_x=&#8221;0&#8243; shift_y=&#8221;0&#8243; shift_y_down=&#8221;0&#8243; z_index=&#8221;0&#8243; medium_width=&#8221;0&#8243; mobile_width=&#8221;0&#8243; width=&#8221;9\/12&#8243;][vc_separator sep_color=&#8221;color-uydo&#8221;][vc_custom_heading heading_semantic=&#8221;p&#8221; text_size=&#8221;h4&#8243; text_weight=&#8221;300&#8243; text_height=&#8221;fontheight-357766&#8243; text_space=&#8221;fontspace-781688&#8243; uncode_shortcode_id=&#8221;184379&#8243;]El grup d&#8217;investigaci\u00f3 d&#8217;activitats preventives i promoci\u00f3 (GRAPP-caIB) \u00e9s un grup de l&#8217;Institut d&#8217;Investigaci\u00f3 Sanit\u00e0ria de les Illes Balears (IdISBa) que pertany a l&#8217;<a href=\"http:\/\/www.idisba.es\/cat\/Recerca\/%C3%80rees-cient%C3%ADfiques\" target=\"_blank\" rel=\"noopener\">\u00e0rea d&#8217;investigaci\u00f3 en salut p\u00fablica, epidemiologia, cl\u00ednica i serveis de salut.<\/a>[\/vc_custom_heading][vc_column_text uncode_shortcode_id=&#8221;117031&#8243;]Est\u00e0 acreditat i finan\u00e7at des de 2003 per l&#8217;Institut de Salut Carlos III i, a m\u00e9s, forma part de la RETIC RICORS, aix\u00ed com del <a href=\"https:\/\/www.ciberesp.es\/\">CIBER d&#8217;Epidemiologia i Salut P\u00fablica (CIBERESP)<\/a>. <strong>El grup est\u00e0 integrat per 28 investigadors<\/strong>, procedents de diferents \u00e0mbits professionals com medicina, infermeria, psicologia, biologia, bioqu\u00edmica, ci\u00e8ncies pol\u00edtiques, estad\u00edstica o farm\u00e0cia. <strong>La seva missi\u00f3 \u00e9s generar coneixements v\u00e0lids sobre l&#8217;efic\u00e0cia, efectivitat i efici\u00e8ncia d&#8217;intervencions innovadores en prevenci\u00f3 i promoci\u00f3 de la salut i transferir-los als professionals<\/strong>, especialment els d&#8217;atenci\u00f3 prim\u00e0ria i salut p\u00fablica, els gestors de serveis sanitaris i els ciutadans. La investigaci\u00f3 que duu a terme, en c\u00e0ncer, en factors de risc cardiovasculars i altres aspectes de prevenci\u00f3-promoci\u00f3, \u00e9s molt aplicada: els coneixements generats es transfereixen a la salut p\u00fablica o a la pr\u00e0ctica cl\u00ednica d&#8217;atenci\u00f3 prim\u00e0ria. En els nostres estudis d&#8217;investigaci\u00f3 utilitzem diferents metodologies, combinant aix\u00ed la investigaci\u00f3 quantitativa i qualitativa (m\u00e8todes mixts). A trav\u00e9s d&#8217;enquestes, entrevistes i grups focals, incloem la societat en els nostres projectes. Aix\u00ed, duem a terme una investigaci\u00f3 transdisciplin\u00e0ria, en qu\u00e8 comptem amb diferents actors per al disseny dels nostres projectes i, a m\u00e9s, traslladem els nostres resultats al grup interessat.[\/vc_column_text][vc_button size=&#8221;btn-sm&#8221; radius=&#8221;btn-round&#8221; outline=&#8221;yes&#8221; border_width=&#8221;0&#8243; link=&#8221;url:%2Fca%2Fequipo%2F&#8221; uncode_shortcode_id=&#8221;120774&#8243; el_class=&#8221;op075&#8243;]EL NOSTRE EQUIP[\/vc_button][\/vc_column_inner][\/vc_row_inner][\/vc_column][\/vc_row][vc_row row_height_percent=&#8221;0&#8243; override_padding=&#8221;yes&#8221; h_padding=&#8221;2&#8243; top_padding=&#8221;3&#8243; bottom_padding=&#8221;3&#8243; back_color=&#8221;color-gyho&#8221; overlay_alpha=&#8221;50&#8243; gutter_size=&#8221;4&#8243; column_width_percent=&#8221;100&#8243; shift_y=&#8221;0&#8243; z_index=&#8221;0&#8243; inverted_device_order=&#8221;yes&#8221; uncode_shortcode_id=&#8221;167367&#8243; back_color_type=&#8221;uncode-palette&#8221;][vc_column column_width_percent=&#8221;100&#8243; position_vertical=&#8221;middle&#8221; gutter_size=&#8221;3&#8243; font_family=&#8221;font-673331&#8243; overlay_alpha=&#8221;50&#8243; shift_x=&#8221;0&#8243; shift_y=&#8221;0&#8243; shift_y_down=&#8221;0&#8243; z_index=&#8221;0&#8243; medium_width=&#8221;4&#8243; mobile_width=&#8221;0&#8243; width=&#8221;7\/12&#8243; uncode_shortcode_id=&#8221;862946&#8243;][vc_custom_heading text_size=&#8221;h4&#8243; text_weight=&#8221;400&#8243; text_height=&#8221;fontheight-357766&#8243; uncode_shortcode_id=&#8221;203711&#8243;]L\u00ednies d&#8217;investigaci\u00f3[\/vc_custom_heading][vc_separator sep_color=&#8221;color-uydo&#8221;][vc_custom_heading heading_semantic=&#8221;p&#8221; text_size=&#8221;h4&#8243; text_weight=&#8221;300&#8243; text_height=&#8221;fontheight-357766&#8243; text_space=&#8221;fontspace-781688&#8243; uncode_shortcode_id=&#8221;164183&#8243;]La missi\u00f3 del GRAPP-caIB \u00e9s generar coneixements v\u00e0lids sobre l&#8217;efic\u00e0cia, efectivitat i efici\u00e8ncia d&#8217;intervencions innovadores en prevenci\u00f3 i promoci\u00f3 de la salut i transferir-los als ciutadans i als professionals.[\/vc_custom_heading][vc_column_text uncode_shortcode_id=&#8221;140927&#8243;]<strong>Les principals l\u00ednies d&#8217;investigaci\u00f3 del grup s\u00f3n:<\/strong><\/p>\n<p>1. Determinants de la salut, estils de vida i promoci\u00f3<br \/>\n2. Serveis de salut i seguretat del pacient<br \/>\n3. Epidemiologia i reducci\u00f3 del risc cardiovascular<br \/>\n4. C\u00e0ncer: Epidemiologia, prevenci\u00f3, atenci\u00f3<br \/>\n5. Investigaci\u00f3 cl\u00ednica en atenci\u00f3 prim\u00e0ria<br \/>\n6. Cura d&#8217;infermeria<br \/>\n7. Inf\u00e0ncia i medi ambient[\/vc_column_text][vc_empty_space empty_h=&#8221;1&#8243;][vc_button size=&#8221;btn-sm&#8221; radius=&#8221;btn-round&#8221; outline=&#8221;yes&#8221; border_width=&#8221;0&#8243; link=&#8221;url:https%3A%2F%2Fgrappcaib.es%2Fca%2Finvestigacio%2F|title:Investigaci%C3%B3|&#8221; uncode_shortcode_id=&#8221;159055&#8243; el_class=&#8221;op075&#8243;]ELS NOSTRES PROJECTES D&#8217;INVESTIGACI\u00d3[\/vc_button][\/vc_column][vc_column column_width_percent=&#8221;100&#8243; position_vertical=&#8221;middle&#8221; gutter_size=&#8221;3&#8243; overlay_alpha=&#8221;50&#8243; shift_x=&#8221;0&#8243; shift_y=&#8221;0&#8243; shift_y_down=&#8221;0&#8243; z_index=&#8221;0&#8243; medium_width=&#8221;4&#8243; mobile_width=&#8221;0&#8243; width=&#8221;5\/12&#8243; uncode_shortcode_id=&#8221;229044&#8243;][vc_row_inner row_inner_height_percent=&#8221;0&#8243; overlay_alpha=&#8221;50&#8243; gutter_size=&#8221;2&#8243; shift_y=&#8221;0&#8243; z_index=&#8221;0&#8243; limit_content=&#8221;&#8221;][vc_column_inner column_width_percent=&#8221;100&#8243; position_vertical=&#8221;middle&#8221; gutter_size=&#8221;3&#8243; overlay_alpha=&#8221;50&#8243; shift_x=&#8221;0&#8243; shift_y=&#8221;0&#8243; shift_y_down=&#8221;0&#8243; z_index=&#8221;0&#8243; medium_width=&#8221;4&#8243; mobile_width=&#8221;4&#8243; width=&#8221;1\/2&#8243; uncode_shortcode_id=&#8221;242507&#8243;][vc_single_image media=&#8221;102764&#8243; media_width_percent=&#8221;100&#8243; shape=&#8221;img-round&#8221; uncode_shortcode_id=&#8221;141971&#8243;][\/vc_column_inner][vc_column_inner column_width_percent=&#8221;100&#8243; position_vertical=&#8221;middle&#8221; gutter_size=&#8221;2&#8243; overlay_alpha=&#8221;50&#8243; shift_x=&#8221;0&#8243; shift_y=&#8221;0&#8243; shift_y_down=&#8221;0&#8243; z_index=&#8221;0&#8243; medium_width=&#8221;4&#8243; mobile_width=&#8221;4&#8243; width=&#8221;1\/2&#8243; uncode_shortcode_id=&#8221;240511&#8243;][vc_single_image media=&#8221;102766&#8243; media_width_percent=&#8221;100&#8243; shape=&#8221;img-round&#8221; uncode_shortcode_id=&#8221;873059&#8243;][vc_single_image media=&#8221;102794&#8243; media_width_percent=&#8221;100&#8243; shape=&#8221;img-round&#8221; uncode_shortcode_id=&#8221;173165&#8243;][\/vc_column_inner][\/vc_row_inner][\/vc_column][\/vc_row][vc_row row_height_percent=&#8221;0&#8243; override_padding=&#8221;yes&#8221; h_padding=&#8221;2&#8243; top_padding=&#8221;4&#8243; bottom_padding=&#8221;3&#8243; overlay_alpha=&#8221;50&#8243; gutter_size=&#8221;3&#8243; column_width_percent=&#8221;100&#8243; shift_y=&#8221;0&#8243; z_index=&#8221;0&#8243; uncode_shortcode_id=&#8221;448083&#8243; row_name=&#8221;trabaja&#8221;][vc_column column_width_percent=&#8221;100&#8243; gutter_size=&#8221;3&#8243; overlay_alpha=&#8221;50&#8243; shift_x=&#8221;0&#8243; shift_y=&#8221;0&#8243; shift_y_down=&#8221;0&#8243; z_index=&#8221;0&#8243; medium_width=&#8221;0&#8243; mobile_width=&#8221;0&#8243; width=&#8221;1\/1&#8243; uncode_shortcode_id=&#8221;163844&#8243; el_class=&#8221;customTab&#8221;][vc_row_inner row_inner_height_percent=&#8221;0&#8243; overlay_alpha=&#8221;50&#8243; gutter_size=&#8221;4&#8243; shift_y=&#8221;0&#8243; limit_content=&#8221;&#8221;][vc_column_inner column_width_percent=&#8221;100&#8243; gutter_size=&#8221;4&#8243; overlay_alpha=&#8221;50&#8243; shift_x=&#8221;0&#8243; shift_y=&#8221;0&#8243; shift_y_down=&#8221;0&#8243; z_index=&#8221;0&#8243; medium_width=&#8221;0&#8243; mobile_width=&#8221;0&#8243; sticky=&#8221;yes&#8221; width=&#8221;3\/12&#8243; uncode_shortcode_id=&#8221;191732&#8243;][vc_separator sep_color=&#8221;accent&#8221;][vc_custom_heading text_size=&#8221;h4&#8243; text_weight=&#8221;400&#8243; text_height=&#8221;fontheight-357766&#8243; uncode_shortcode_id=&#8221;102786&#8243;]Treballa amb nosaltres[\/vc_custom_heading][vc_gallery el_id=&#8221;gallery-154525&#8243; medias=&#8221;103000&#8243; gutter_size=&#8221;3&#8243; screen_lg=&#8221;1000&#8243; screen_md=&#8221;600&#8243; screen_sm=&#8221;480&#8243; single_overlay_opacity=&#8221;50&#8243; single_padding=&#8221;2&#8243; uncode_shortcode_id=&#8221;703468&#8243;][\/vc_column_inner][vc_column_inner column_width_percent=&#8221;100&#8243; gutter_size=&#8221;3&#8243; overlay_alpha=&#8221;50&#8243; shift_x=&#8221;0&#8243; shift_y=&#8221;0&#8243; shift_y_down=&#8221;0&#8243; z_index=&#8221;0&#8243; medium_width=&#8221;0&#8243; mobile_width=&#8221;0&#8243; width=&#8221;9\/12&#8243;][vc_separator sep_color=&#8221;color-uydo&#8221;][vc_custom_heading heading_semantic=&#8221;p&#8221; text_size=&#8221;h4&#8243; text_weight=&#8221;300&#8243; text_height=&#8221;fontheight-357766&#8243; text_space=&#8221;fontspace-781688&#8243; uncode_shortcode_id=&#8221;178810&#8243;]L&#8217;Institut d&#8217;Investigaci\u00f3 Sanit\u00e0ria de les Illes Balears (IdISBa) es va crear el 23 de desembre de 2013.[\/vc_custom_heading][vc_column_text uncode_shortcode_id=&#8221;874255&#8243;]<strong>Est\u00e0 format per l&#8217;Hospital Universitari Son Espases, l&#8217;\u00e0mbit d&#8217;Atenci\u00f3 Prim\u00e0ria de Mallorca, l&#8217;Institut Universitari d&#8217;Investigaci\u00f3 en Ci\u00e8ncies de la Salut (IUNICS), l&#8217;Hospital Son Ll\u00e0tzer i la Fundaci\u00f3 Banc de Sang i Teixits de les Illes Balears.<\/strong> Tots ells aporten capital hum\u00e0, la qual cosa permet augmentar la massa cr\u00edtica investigadora i fomentar les col\u00b7laboracions per al desenvolupament de projectes d&#8217;investigaci\u00f3 entre serveis i professionals del sector de la salut. <strong>L&#8217;IdISBa ha estat reconegut amb el distintiu &#8216;HR Excellence in Research&#8217; per la Comissi\u00f3 Europea, que el acredita com a un centre d&#8217;investigaci\u00f3 comprom\u00e8s amb la millora cont\u00ednua de les seves pol\u00edtiques de recursos humans<\/strong>; un prove\u00efdor internacional de treballs cient\u00edfics en un entorn propici i estimulant per al desenvolupament d&#8217;una carrera investigadora d&#8217;acord amb els principis de la &#8220;Charter &amp; Code&#8221; (Carta Europea d&#8217;Investigadors i Codi de Conducta per a la Contractaci\u00f3 d&#8217;Investigadors), adoptat per la UE el 2005.<\/p>\n<p><strong>L&#8217;IdISBa est\u00e0 comprom\u00e8s amb l&#8217;excel\u00b7l\u00e8ncia en la recerca i el foment de la transfer\u00e8ncia de tecnologia i coneixement als serveis i ind\u00fastries de la salut.<\/strong> A m\u00e9s, sost\u00e9 que aquests objectius no es poden assolir sense el foment i l&#8217;atracci\u00f3 d&#8217;un talent cient\u00edfic excepcional. En conseq\u00fc\u00e8ncia, l&#8217;IdISBa va aprovar la &#8220;Carta i Codi&#8221; l&#8217;agost de 2015 i, en fer-ho, es va comprometre a alinear les seves pol\u00edtiques i pr\u00e0ctiques amb les recomanacions de la Comissi\u00f3 Europea, perseguint l&#8217;objectiu de proporcionar un entorn de treball estimulant i favorable per als investigadors, que permeti el seu creixement i desenvolupament professional. <em>(Per a m\u00e9s informaci\u00f3, consulta la <a href=\"http:\/\/www.idisba.es\/cat\/Recursos-Humans\/Human-Resources-Strategy-for-Researchers\" target=\"_blank\" rel=\"noopener\">p\u00e0gina de Recursos Humans de l&#8217;IdISBa<\/a>)<\/em>. D&#8217;altra banda, l&#8217;IdISBa s&#8217;acull al decret 17\/2019, de 15 de mar\u00e7 de 2019, pel qual s&#8217;aprova l&#8217;Estatut del personal investigador laboral, i en qu\u00e8 s&#8217;especifica que els instituts de recerca sanit\u00e0ria, dins del marc de la normativa laboral existent, han de procurar als seus treballadors i treballadores mesures que facilitin la conciliaci\u00f3 de la vida laboral i familiar, incloent-hi la possibilitat de reducci\u00f3 de jornada, treball a dist\u00e0ncia i flexibilitat hor\u00e0ria <em><a href=\"http:\/\/www.idisba.es\/cat\/Portals\/0\/Documentos\/Portal%20Transparencia\/Informacion%20Institucional\/Decreto%20Carrera%20Investigadora.pdf\" target=\"_blank\" rel=\"noopener\">(Decret carrera investigadora)<\/a><\/em>. Pots seguir les nostres ofertes d&#8217;ocupaci\u00f3 al departament de <em><a href=\"http:\/\/www.idisba.es\/cat\/Recursos-Humans\/Ofertes-de-treball\" target=\"_blank\" rel=\"noopener\">Recursos Humans de l&#8217;IdISBa<\/a><\/em>.[\/vc_column_text][\/vc_column_inner][\/vc_row_inner][\/vc_column][\/vc_row][vc_row row_height_percent=&#8221;0&#8243; override_padding=&#8221;yes&#8221; h_padding=&#8221;2&#8243; top_padding=&#8221;4&#8243; bottom_padding=&#8221;3&#8243; overlay_alpha=&#8221;50&#8243; gutter_size=&#8221;3&#8243; column_width_percent=&#8221;100&#8243; shift_y=&#8221;0&#8243; z_index=&#8221;0&#8243; uncode_shortcode_id=&#8221;365333&#8243; row_name=&#8221;estudia&#8221;][vc_column column_width_percent=&#8221;100&#8243; gutter_size=&#8221;3&#8243; overlay_alpha=&#8221;50&#8243; shift_x=&#8221;0&#8243; shift_y=&#8221;0&#8243; shift_y_down=&#8221;0&#8243; z_index=&#8221;0&#8243; medium_width=&#8221;0&#8243; mobile_width=&#8221;0&#8243; width=&#8221;1\/1&#8243; uncode_shortcode_id=&#8221;163844&#8243; el_class=&#8221;customTab&#8221;][vc_row_inner row_inner_height_percent=&#8221;0&#8243; overlay_alpha=&#8221;50&#8243; gutter_size=&#8221;4&#8243; shift_y=&#8221;0&#8243; limit_content=&#8221;&#8221;][vc_column_inner column_width_percent=&#8221;100&#8243; gutter_size=&#8221;4&#8243; overlay_alpha=&#8221;50&#8243; shift_x=&#8221;0&#8243; shift_y=&#8221;0&#8243; shift_y_down=&#8221;0&#8243; z_index=&#8221;0&#8243; medium_width=&#8221;0&#8243; mobile_width=&#8221;0&#8243; sticky=&#8221;yes&#8221; width=&#8221;3\/12&#8243; uncode_shortcode_id=&#8221;191732&#8243;][vc_separator sep_color=&#8221;accent&#8221;][vc_custom_heading text_size=&#8221;h4&#8243; text_weight=&#8221;400&#8243; text_height=&#8221;fontheight-357766&#8243; uncode_shortcode_id=&#8221;627647&#8243;]Estudia amb nosaltres[\/vc_custom_heading][vc_single_image media=&#8221;102998&#8243; media_width_percent=&#8221;100&#8243; uncode_shortcode_id=&#8221;652027&#8243;][\/vc_column_inner][vc_column_inner column_width_percent=&#8221;100&#8243; gutter_size=&#8221;3&#8243; overlay_alpha=&#8221;50&#8243; shift_x=&#8221;0&#8243; shift_y=&#8221;0&#8243; shift_y_down=&#8221;0&#8243; z_index=&#8221;0&#8243; medium_width=&#8221;0&#8243; mobile_width=&#8221;0&#8243; width=&#8221;9\/12&#8243;][vc_separator sep_color=&#8221;color-uydo&#8221;][vc_custom_heading heading_semantic=&#8221;p&#8221; text_size=&#8221;h4&#8243; text_weight=&#8221;300&#8243; text_height=&#8221;fontheight-357766&#8243; text_space=&#8221;fontspace-781688&#8243; uncode_shortcode_id=&#8221;191335&#8243;]Formando investigadores de todas las etapas[\/vc_custom_heading][vc_column_text uncode_shortcode_id=&#8221;723899&#8243;]Al GRAPP-caIB tenim una \u00e0mplia experi\u00e8ncia i inter\u00e8s per la formaci\u00f3 d&#8217;investigadors en totes les seves etapes, des d&#8217;estudiants de grau fins a estudiants postdoctorals. A nivell d&#8217;estudis de doctorat, col\u00b7laborem amb la Universitat de les Illes Balears (UIB) en diversos programes de doctorat, i especialment en el <a href=\"https:\/\/estudis.uib.es\/es\/estudis-de-doctorat\/doctorat\/TSGL\/\">Doctorat en Salut Global, Serveis de Salut i Atenci\u00f3 Sociosanit\u00e0ria<\/a>. En els darrers cinc anys hem dirigit m\u00e9s de deu tesis, amb excel\u00b7lents resultats en totes elles. A m\u00e9s, a trav\u00e9s de convenis tant amb la UIB com amb altres universitats, tutoritzem treballs de fi de m\u00e0ster, aix\u00ed com pr\u00e0ctiques de fi de grau i estades formatives. En col\u00b7laboraci\u00f3 amb la Unitat Docent de la Ger\u00e8ncia d&#8217;Atenci\u00f3 Prim\u00e0ria de Mallorca, cada any formem en investigaci\u00f3 residents de Medicina de Fam\u00edlia (R3 i R4). Si est\u00e0s interessat a estudiar amb nosaltres, sol\u00b7licita m\u00e9s informaci\u00f3 a trav\u00e9s d&#8217;aquest <a href=\"https:\/\/grappcaib.es\/contacto\/\">formulari<\/a>.[\/vc_column_text][\/vc_column_inner][\/vc_row_inner][\/vc_column][\/vc_row][vc_row row_height_percent=&#8221;0&#8243; override_padding=&#8221;yes&#8221; h_padding=&#8221;2&#8243; top_padding=&#8221;4&#8243; bottom_padding=&#8221;3&#8243; overlay_alpha=&#8221;50&#8243; gutter_size=&#8221;3&#8243; column_width_percent=&#8221;100&#8243; shift_y=&#8221;0&#8243; z_index=&#8221;0&#8243; uncode_shortcode_id=&#8221;214009&#8243; row_name=&#8221;participa&#8221;][vc_column column_width_percent=&#8221;100&#8243; gutter_size=&#8221;3&#8243; overlay_alpha=&#8221;50&#8243; shift_x=&#8221;0&#8243; shift_y=&#8221;0&#8243; shift_y_down=&#8221;0&#8243; z_index=&#8221;0&#8243; medium_width=&#8221;0&#8243; mobile_width=&#8221;0&#8243; width=&#8221;1\/1&#8243; uncode_shortcode_id=&#8221;163844&#8243; el_class=&#8221;customTab&#8221;][vc_row_inner row_inner_height_percent=&#8221;0&#8243; overlay_alpha=&#8221;50&#8243; gutter_size=&#8221;4&#8243; shift_y=&#8221;0&#8243; limit_content=&#8221;&#8221;][vc_column_inner column_width_percent=&#8221;100&#8243; gutter_size=&#8221;4&#8243; overlay_alpha=&#8221;50&#8243; shift_x=&#8221;0&#8243; shift_y=&#8221;0&#8243; shift_y_down=&#8221;0&#8243; z_index=&#8221;0&#8243; medium_width=&#8221;0&#8243; mobile_width=&#8221;0&#8243; sticky=&#8221;yes&#8221; width=&#8221;3\/12&#8243; uncode_shortcode_id=&#8221;191732&#8243;][vc_separator sep_color=&#8221;accent&#8221;][vc_custom_heading text_size=&#8221;h4&#8243; text_weight=&#8221;400&#8243; text_height=&#8221;fontheight-357766&#8243; uncode_shortcode_id=&#8221;205078&#8243;]Participa en els nostres estudis.[\/vc_custom_heading][vc_single_image media=&#8221;103066&#8243; media_width_percent=&#8221;100&#8243; uncode_shortcode_id=&#8221;194754&#8243;][\/vc_column_inner][vc_column_inner column_width_percent=&#8221;100&#8243; gutter_size=&#8221;3&#8243; overlay_alpha=&#8221;50&#8243; shift_x=&#8221;0&#8243; shift_y=&#8221;0&#8243; shift_y_down=&#8221;0&#8243; z_index=&#8221;0&#8243; medium_width=&#8221;0&#8243; mobile_width=&#8221;0&#8243; width=&#8221;9\/12&#8243;][vc_separator sep_color=&#8221;color-uydo&#8221;][vc_custom_heading heading_semantic=&#8221;p&#8221; text_size=&#8221;h4&#8243; text_weight=&#8221;300&#8243; text_height=&#8221;fontheight-357766&#8243; text_space=&#8221;fontspace-781688&#8243; uncode_shortcode_id=&#8221;308789&#8243;]Involucrant a les persones en la recerca.[\/vc_custom_heading][vc_column_text uncode_shortcode_id=&#8221;157404&#8243;]El tipus de recerca que duem a terme al GRAPP-caIB est\u00e0 molt centrat en millorar la salut de les persones. Per aix\u00f2, per poder dur a terme els nostres estudis, treballem estretament amb persones (tant sanes com amb determinats problemes de salut), les quals representen els grups que pretenem ajudar.<br \/>\nExisteixen diferents maneres a trav\u00e9s de les quals pots col\u00b7laborar en les nostres recerques:<br \/>\n\u00b7 <strong>Participaci\u00f3 com a subjecte d&#8217;estudi<\/strong>, tant en els assaigs cl\u00ednics com en estudis a trav\u00e9s d&#8217;enquestes, o grups de discussi\u00f3 (tamb\u00e9 anomenats grups focals), entre d&#8217;altres. Cal destacar que tots els nostres estudis han estat aprovats tant pel Comit\u00e8 de Recerca d&#8217;Atenci\u00f3 Prim\u00e0ria, com pel Comit\u00e8 \u00c8tic de les Illes Balears.<br \/>\n\u00b7 <strong>Participaci\u00f3 en tallers o esdeveniments de divulgaci\u00f3<\/strong>, que estan dirigits a compartir i debatre amb la ciutadania\/societat els coneixements obtinguts com a resultat de les nostres recerques. Alguns dels esdeveniments en qu\u00e8 solem participar s\u00f3n la Nit Europea de la Investigaci\u00f3, el Dia de la Ci\u00e8ncia, o el Dia de la Dona i la Ci\u00e8ncia.<br \/>\n\u00b7 <strong>Involucrament com a actor no cient\u00edfic<\/strong>. Al GRAPP-caIB col\u00b7laborem amb membres de la societat, els quals participen en el disseny i en portar a terme i difondre els resultats dels nostres estudis. Es tracta de dur a terme recerca &#8220;amb&#8221; o &#8220;per&#8221; pacients o membres de la societat, en lloc d&#8217;exclusivament &#8220;sobre&#8221; o &#8220;per&#8221; ells. La participaci\u00f3 a aquest nivell \u00e9s important per dur a terme estudis que siguin realment rellevants per als interessos de la societat. Aix\u00f2 permet que puguin sorgir idees per a noves investigacions. Tamb\u00e9 \u00e9s una forma d&#8217;assegurar-nos que la nostra recerca es centra en el que realment li importa a les persones.<br \/>\nVols participar en els nostres estudis? Contacta amb nosaltres a trav\u00e9s d&#8217;<a href=\"https:\/\/grappcaib.es\/contacto\/\">aquest formulari<\/a>, i en breu ens posarem en contacte amb tu.[\/vc_column_text][\/vc_column_inner][\/vc_row_inner][\/vc_column][\/vc_row][vc_row row_height_percent=&#8221;0&#8243; override_padding=&#8221;yes&#8221; h_padding=&#8221;2&#8243; top_padding=&#8221;2&#8243; bottom_padding=&#8221;2&#8243; overlay_alpha=&#8221;50&#8243; gutter_size=&#8221;3&#8243; column_width_percent=&#8221;100&#8243; shift_y=&#8221;0&#8243; z_index=&#8221;1&#8243; shift_y_down=&#8221;0&#8243; uncode_shortcode_id=&#8221;117269&#8243;][vc_column column_width_percent=&#8221;100&#8243; gutter_size=&#8221;3&#8243; override_padding=&#8221;yes&#8221; column_padding=&#8221;3&#8243; style=&#8221;dark&#8221; back_color=&#8221;accent&#8221; overlay_alpha=&#8221;96&#8243; shift_x=&#8221;0&#8243; shift_y=&#8221;0&#8243; shift_y_down=&#8221;0&#8243; shift_y_down_fixed=&#8221;yes&#8221; z_index=&#8221;0&#8243; medium_width=&#8221;0&#8243; mobile_width=&#8221;0&#8243; radius=&#8221;std&#8221; shadow=&#8221;xs&#8221; shadow_responsive=&#8221;yes&#8221; width=&#8221;1\/1&#8243; uncode_shortcode_id=&#8221;727368&#8243; back_color_type=&#8221;uncode-palette&#8221;][vc_row_inner limit_content=&#8221;&#8221;][vc_column_inner column_width_percent=&#8221;100&#8243; align_horizontal=&#8221;align_center&#8221; gutter_size=&#8221;3&#8243; overlay_alpha=&#8221;50&#8243; shift_x=&#8221;0&#8243; shift_y=&#8221;0&#8243; shift_y_down=&#8221;0&#8243; z_index=&#8221;0&#8243; medium_width=&#8221;0&#8243; mobile_width=&#8221;0&#8243; width=&#8221;1\/4&#8243; uncode_shortcode_id=&#8221;103345&#8243;][vc_single_image media=&#8221;102758&#8243; media_width_use_pixel=&#8221;yes&#8221; alignment=&#8221;center&#8221; uncode_shortcode_id=&#8221;973718&#8243; media_width_pixel=&#8221;245&#8243;][\/vc_column_inner][vc_column_inner column_width_percent=&#8221;100&#8243; gutter_size=&#8221;3&#8243; style=&#8221;dark&#8221; overlay_alpha=&#8221;50&#8243; shift_x=&#8221;0&#8243; shift_y=&#8221;0&#8243; shift_y_down=&#8221;0&#8243; z_index=&#8221;0&#8243; medium_width=&#8221;0&#8243; mobile_width=&#8221;0&#8243; width=&#8221;3\/4&#8243; uncode_shortcode_id=&#8221;121679&#8243;][vc_custom_heading heading_semantic=&#8221;p&#8221; text_size=&#8221;h4&#8243; text_weight=&#8221;500&#8243; text_height=&#8221;fontheight-357766&#8243; text_space=&#8221;fontspace-781688&#8243; uncode_shortcode_id=&#8221;557512&#8243;]Vols col\u00b7laborar amb la recerca en salut que es duu a terme a les Illes Balears?[\/vc_custom_heading][vc_custom_heading heading_semantic=&#8221;p&#8221; text_size=&#8221;h5&#8243; text_weight=&#8221;300&#8243; text_height=&#8221;fontheight-357766&#8243; text_space=&#8221;fontspace-781688&#8243; uncode_shortcode_id=&#8221;144270&#8243;]A l&#8217;IdISBa treballem per traslladar de manera efectiva els aven\u00e7os en recerca a la millora de la salut poblacional. La recerca d&#8217;avui \u00e9s la medicina del dem\u00e0 i el suport de la societat constitueix un element clau per a aquest desenvolupament.[\/vc_custom_heading][vc_button size=&#8221;btn-sm&#8221; radius=&#8221;btn-round&#8221; border_width=&#8221;0&#8243; link=&#8221;url:http%3A%2F%2Fwww.idisba.es%2Fes%2FContacto%2FDonaciones|target:_blank|&#8221; uncode_shortcode_id=&#8221;523497&#8243; el_class=&#8221;op075&#8243;]REALITZAR DONACI\u00d3[\/vc_button][\/vc_column_inner][\/vc_row_inner][\/vc_column][\/vc_row][vc_row][vc_column width=&#8221;1\/1&#8243;][vc_empty_space empty_h=&#8221;2&#8243;][vc_column_text uncode_shortcode_id=&#8221;186768&#8243;]Pictures designed by Freepik (www.freepik.com)[\/vc_column_text][\/vc_column][\/vc_row]<\/p>\n","protected":false},"excerpt":{"rendered":"<p>[vc_row row_height_percent=&#8221;0&#8243; override_padding=&#8221;yes&#8221; h_padding=&#8221;2&#8243; top_padding=&#8221;3&#8243; bottom_padding=&#8221;2&#8243; back_color=&#8221;color-wayh&#8221; overlay_alpha=&#8221;50&#8243; gutter_size=&#8221;3&#8243; column_width_percent=&#8221;100&#8243; shift_y=&#8221;0&#8243; z_index=&#8221;0&#8243; front_end_with_slider=&#8221;true&#8221; uncode_shortcode_id=&#8221;107193&#8243; back_color_type=&#8221;uncode-palette&#8221;][vc_column column_width_percent=&#8221;100&#8243; position_vertical=&#8221;bottom&#8221; gutter_size=&#8221;3&#8243; style=&#8221;dark&#8221; overlay_alpha=&#8221;50&#8243; [&hellip;]<\/p>\n","protected":false},"author":1,"featured_media":0,"parent":0,"menu_order":0,"comment_status":"closed","ping_status":"closed","template":"","meta":{"footnotes":""},"class_list":["post-103281","page","type-page","status-publish","hentry"],"yoast_head":"<!-- This site is optimized with the Yoast SEO plugin v26.2 - https:\/\/yoast.com\/wordpress\/plugins\/seo\/ -->\n<title>Sobre GRAPP-caIB - GRAPP CAIB<\/title>\n<meta name=\"description\" content=\"El grup d&#039;investigaci\u00f3 d&#039;activitats preventives i promoci\u00f3 (GRAPP-caIB) \u00e9s un grup de l&#039;Institut d&#039;Investigaci\u00f3 Sanit\u00e0ria de les Illes Balears (IdISBa).\" \/>\n<meta name=\"robots\" content=\"index, follow, max-snippet:-1, max-image-preview:large, max-video-preview:-1\" \/>\n<link rel=\"canonical\" href=\"https:\/\/grappcaib.es\/ca\/sobre-grapp-caib\/\" \/>\n<meta property=\"og:locale\" content=\"ca_ES\" \/>\n<meta property=\"og:type\" content=\"article\" \/>\n<meta property=\"og:title\" content=\"Sobre GRAPP-caIB - GRAPP CAIB\" \/>\n<meta property=\"og:description\" content=\"El grup d&#039;investigaci\u00f3 d&#039;activitats preventives i promoci\u00f3 (GRAPP-caIB) \u00e9s un grup de l&#039;Institut d&#039;Investigaci\u00f3 Sanit\u00e0ria de les Illes Balears (IdISBa).\" \/>\n<meta property=\"og:url\" content=\"https:\/\/grappcaib.es\/ca\/sobre-grapp-caib\/\" \/>\n<meta property=\"og:site_name\" content=\"GRAPP CAIB\" \/>\n<meta property=\"article:modified_time\" content=\"2026-04-21T09:03:17+00:00\" \/>\n<meta name=\"twitter:card\" content=\"summary_large_image\" \/>\n<meta name=\"twitter:label1\" content=\"Temps estimat de lectura\" \/>\n\t<meta name=\"twitter:data1\" content=\"9 minuts\" \/>\n<script type=\"application\/ld+json\" class=\"yoast-schema-graph\">{\"@context\":\"https:\/\/schema.org\",\"@graph\":[{\"@type\":\"WebPage\",\"@id\":\"https:\/\/grappcaib.es\/ca\/sobre-grapp-caib\/\",\"url\":\"https:\/\/grappcaib.es\/ca\/sobre-grapp-caib\/\",\"name\":\"Sobre GRAPP-caIB - GRAPP CAIB\",\"isPartOf\":{\"@id\":\"https:\/\/grappcaib.es\/ca\/#website\"},\"datePublished\":\"2021-12-26T10:06:44+00:00\",\"dateModified\":\"2026-04-21T09:03:17+00:00\",\"description\":\"El grup d'investigaci\u00f3 d'activitats preventives i promoci\u00f3 (GRAPP-caIB) \u00e9s un grup de l'Institut d'Investigaci\u00f3 Sanit\u00e0ria de les Illes Balears (IdISBa).\",\"breadcrumb\":{\"@id\":\"https:\/\/grappcaib.es\/ca\/sobre-grapp-caib\/#breadcrumb\"},\"inLanguage\":\"ca\",\"potentialAction\":[{\"@type\":\"ReadAction\",\"target\":[\"https:\/\/grappcaib.es\/ca\/sobre-grapp-caib\/\"]}]},{\"@type\":\"BreadcrumbList\",\"@id\":\"https:\/\/grappcaib.es\/ca\/sobre-grapp-caib\/#breadcrumb\",\"itemListElement\":[{\"@type\":\"ListItem\",\"position\":1,\"name\":\"Portada\",\"item\":\"https:\/\/grappcaib.es\/ca\/\"},{\"@type\":\"ListItem\",\"position\":2,\"name\":\"Sobre GRAPP-caIB\"}]},{\"@type\":\"WebSite\",\"@id\":\"https:\/\/grappcaib.es\/ca\/#website\",\"url\":\"https:\/\/grappcaib.es\/ca\/\",\"name\":\"GRAPP CAIB\",\"description\":\"GRAPP CAIB\",\"potentialAction\":[{\"@type\":\"SearchAction\",\"target\":{\"@type\":\"EntryPoint\",\"urlTemplate\":\"https:\/\/grappcaib.es\/ca\/?s={search_term_string}\"},\"query-input\":{\"@type\":\"PropertyValueSpecification\",\"valueRequired\":true,\"valueName\":\"search_term_string\"}}],\"inLanguage\":\"ca\"}]}<\/script>\n<!-- \/ Yoast SEO plugin. -->","yoast_head_json":{"title":"Sobre GRAPP-caIB - GRAPP CAIB","description":"El grup d'investigaci\u00f3 d'activitats preventives i promoci\u00f3 (GRAPP-caIB) \u00e9s un grup de l'Institut d'Investigaci\u00f3 Sanit\u00e0ria de les Illes Balears (IdISBa).","robots":{"index":"index","follow":"follow","max-snippet":"max-snippet:-1","max-image-preview":"max-image-preview:large","max-video-preview":"max-video-preview:-1"},"canonical":"https:\/\/grappcaib.es\/ca\/sobre-grapp-caib\/","og_locale":"ca_ES","og_type":"article","og_title":"Sobre GRAPP-caIB - GRAPP CAIB","og_description":"El grup d'investigaci\u00f3 d'activitats preventives i promoci\u00f3 (GRAPP-caIB) \u00e9s un grup de l'Institut d'Investigaci\u00f3 Sanit\u00e0ria de les Illes Balears (IdISBa).","og_url":"https:\/\/grappcaib.es\/ca\/sobre-grapp-caib\/","og_site_name":"GRAPP CAIB","article_modified_time":"2026-04-21T09:03:17+00:00","twitter_card":"summary_large_image","twitter_misc":{"Temps estimat de lectura":"9 minuts"},"schema":{"@context":"https:\/\/schema.org","@graph":[{"@type":"WebPage","@id":"https:\/\/grappcaib.es\/ca\/sobre-grapp-caib\/","url":"https:\/\/grappcaib.es\/ca\/sobre-grapp-caib\/","name":"Sobre GRAPP-caIB - GRAPP CAIB","isPartOf":{"@id":"https:\/\/grappcaib.es\/ca\/#website"},"datePublished":"2021-12-26T10:06:44+00:00","dateModified":"2026-04-21T09:03:17+00:00","description":"El grup d'investigaci\u00f3 d'activitats preventives i promoci\u00f3 (GRAPP-caIB) \u00e9s un grup de l'Institut d'Investigaci\u00f3 Sanit\u00e0ria de les Illes Balears (IdISBa).","breadcrumb":{"@id":"https:\/\/grappcaib.es\/ca\/sobre-grapp-caib\/#breadcrumb"},"inLanguage":"ca","potentialAction":[{"@type":"ReadAction","target":["https:\/\/grappcaib.es\/ca\/sobre-grapp-caib\/"]}]},{"@type":"BreadcrumbList","@id":"https:\/\/grappcaib.es\/ca\/sobre-grapp-caib\/#breadcrumb","itemListElement":[{"@type":"ListItem","position":1,"name":"Portada","item":"https:\/\/grappcaib.es\/ca\/"},{"@type":"ListItem","position":2,"name":"Sobre GRAPP-caIB"}]},{"@type":"WebSite","@id":"https:\/\/grappcaib.es\/ca\/#website","url":"https:\/\/grappcaib.es\/ca\/","name":"GRAPP CAIB","description":"GRAPP CAIB","potentialAction":[{"@type":"SearchAction","target":{"@type":"EntryPoint","urlTemplate":"https:\/\/grappcaib.es\/ca\/?s={search_term_string}"},"query-input":{"@type":"PropertyValueSpecification","valueRequired":true,"valueName":"search_term_string"}}],"inLanguage":"ca"}]}},"_hostinger_reach_plugin_has_subscription_block":false,"_hostinger_reach_plugin_is_elementor":false,"_links":{"self":[{"href":"https:\/\/grappcaib.es\/ca\/wp-json\/wp\/v2\/pages\/103281","targetHints":{"allow":["GET"]}}],"collection":[{"href":"https:\/\/grappcaib.es\/ca\/wp-json\/wp\/v2\/pages"}],"about":[{"href":"https:\/\/grappcaib.es\/ca\/wp-json\/wp\/v2\/types\/page"}],"author":[{"embeddable":true,"href":"https:\/\/grappcaib.es\/ca\/wp-json\/wp\/v2\/users\/1"}],"replies":[{"embeddable":true,"href":"https:\/\/grappcaib.es\/ca\/wp-json\/wp\/v2\/comments?post=103281"}],"version-history":[{"count":5,"href":"https:\/\/grappcaib.es\/ca\/wp-json\/wp\/v2\/pages\/103281\/revisions"}],"predecessor-version":[{"id":104187,"href":"https:\/\/grappcaib.es\/ca\/wp-json\/wp\/v2\/pages\/103281\/revisions\/104187"}],"wp:attachment":[{"href":"https:\/\/grappcaib.es\/ca\/wp-json\/wp\/v2\/media?parent=103281"}],"curies":[{"name":"wp","href":"https:\/\/api.w.org\/{rel}","templated":true}]}}